{"id":3695,"date":"2026-03-23T11:36:17","date_gmt":"2026-03-23T10:36:17","guid":{"rendered":"https:\/\/unitedinaction.eu\/?page_id=3695"},"modified":"2026-04-01T22:36:47","modified_gmt":"2026-04-01T20:36:47","slug":"privacy-notice","status":"publish","type":"page","link":"https:\/\/unitedinaction.eu\/pl\/privacy-notice\/","title":{"rendered":"Klauzula informacyjna (RODO)"},"content":{"rendered":"<figure class=\"wp-block-image\"><img decoding=\"async\" src=\"https:\/\/wsb.edu.pl\/files\/\/pages\/7631\/ec_logo_horiz_en.png\" alt=\"\"\/><\/figure>\n\n\n\n<p><strong>Zdecentralizowane dzia\u0142ania programu Erasmus+ i Europejskiego Korpusu Solidarno\u015bci zarz\u0105dzane przez agencje narodowe<\/strong><\/p>\n\n\n\n<p><strong>Administrator danych: Dyrekcja Generalna ds. Edukacji, M\u0142odzie\u017cy, Sportu i Kultury, Jednostka B.4 \u2013 Koordynacja programu Erasmus+<\/strong><\/p>\n\n\n\n<p><strong>Wersja:<\/strong>&nbsp;2023\/06\/02<\/p>\n\n\n\n<p><strong>FYI:&nbsp;<a href=\"https:\/\/webgate.ec.europa.eu\/erasmus-esc\/index\/privacy-statement\" target=\"_blank\" rel=\"noreferrer noopener\">Klauzula informacyjna (RODO)<\/a><\/strong><\/p>\n\n\n\n<p><strong>Dlaczego i w jaki spos\u00f3b przetwarzamy Pa\u0144stwa dane osobowe?<\/strong><\/p>\n\n\n\n<p>Przetwarzamy Pa\u0144stwa dane osobowe z nast\u0119puj\u0105cych powod\u00f3w:<\/p>\n\n\n\n<p><strong>Uwierzytelnianie i autoryzacja<\/strong><\/p>\n\n\n\n<ul class=\"wp-block-list\">\n<li>zapewni\u0107 dost\u0119p do narz\u0119dzi informatycznych za pomoc\u0105 mechanizmu uwierzytelniania EU Login; wi\u0119cej informacji mo\u017cna znale\u017a\u0107 w szczeg\u00f3\u0142owej polityce prywatno\u015bci serwisu EU Login<\/li>\n\n\n\n<li>zarz\u0105dza\u0107 dost\u0119pem do narz\u0119dzi informatycznych za pomoc\u0105 mechanizm\u00f3w autoryzacji oferowanych przez narz\u0119dzia S\u0142u\u017cby Zarz\u0105dzania To\u017csamo\u015bci\u0105 i Dost\u0119pem Komisji Europejskiej, takie jak EU Access i Secunda+<\/li>\n\n\n\n<li>zarz\u0105dza\u0107 dost\u0119pem do narz\u0119dzi sprawozdawczych programu dla pracownik\u00f3w agencji krajowej i przedstawicieli organ\u00f3w krajowych<\/li>\n<\/ul>\n\n\n\n<p><strong>Rejestracja organizacji<\/strong><\/p>\n\n\n\n<ul class=\"wp-block-list\">\n<li>umo\u017cliwiaj\u0105 organizacjom rejestracj\u0119, aby mog\u0142y one uczestniczy\u0107 w dzia\u0142aniach programu Erasmus+ i Europejskiego Korpusu Solidarno\u015bci, zarz\u0105dzanych przez agencje krajowe; w tym przypadku gromadzimy informacje dotycz\u0105ce os\u00f3b kontaktowych organizacji, jej przedstawicieli prawnych oraz innych os\u00f3b zwi\u0105zanych z organizacj\u0105; w niekt\u00f3rych przypadkach nazwa organizacji mo\u017ce<\/li>\n\n\n\n<li>ujawni\u0107 dane umo\u017cliwiaj\u0105ce identyfikacj\u0119 osoby fizycznej<\/li>\n\n\n\n<li>wskaza\u0107 organizacje sk\u0142adaj\u0105ce wnioski o dotacj\u0119 unijn\u0105 na realizacj\u0119 projektu w ramach program\u00f3w \u201eErasmus+\u201d i \u201eEuropejski Korpus Solidarno\u015bci\u201d, zarz\u0105dzanych przez agencje krajowe<\/li>\n\n\n\n<li>wysy\u0142a\u0107 wiadomo\u015bci e-mail do kontakt\u00f3w lub upowa\u017cnionych u\u017cytkownik\u00f3w organizacji zarejestrowanych w Systemie Rejestracji Organizacji \u2013 wiadomo\u015bci te obejmuj\u0105 potwierdzenie rejestracji organizacji, potwierdzenie dodania lub usuni\u0119cia upowa\u017cnionych u\u017cytkownik\u00f3w oraz potwierdzenie pomy\u015blnej aktualizacji danych organizacji<\/li>\n\n\n\n<li>umo\u017cliwi\u0107 agencjom krajowym odpowiedzialnym za zarz\u0105dzanie programami \u201eErasmus+\u201d i \u201eEuropejski Korpus Solidarno\u015bci\u201d zarz\u0105dzanie (na przyk\u0142ad dodawanie lub modyfikowanie) danymi organizacyjnymi, w tym danymi osobowymi os\u00f3b kontaktowych i uprawnionych u\u017cytkownik\u00f3w (na podstawie zgody)<\/li>\n<\/ul>\n\n\n\n<p><strong><a href=\"https:\/\/webgate.ec.europa.eu\/erasmus-esc\/index\/privacy-statement\">Sk\u0142adanie wniosk\u00f3w oraz zarz\u0105dzanie wnioskami o dotacje i projektami<\/a><\/strong><\/p>\n\n\n\n<ul class=\"wp-block-list\">\n<li>u\u0142atwi\u0107 sk\u0142adanie wniosk\u00f3w dotycz\u0105cych r\u00f3\u017cnych dzia\u0142a\u0144 w ramach program\u00f3w Erasmus+ i Europejskiego Korpusu Solidarno\u015bci, kt\u00f3rych realizacj\u0105 zajmuj\u0105 si\u0119 agencje krajowe<\/li>\n\n\n\n<li>zarz\u0105dza\u0107 szczeg\u00f3\u0142owymi informacjami dotycz\u0105cymi projekt\u00f3w finansowanych w ramach program\u00f3w Erasmus+ i Europejskiego Korpusu Solidarno\u015bci (takich jak projekty mobilno\u015bciowe, projekty wsp\u00f3\u0142pracy i dzia\u0142ania wspieraj\u0105ce polityk\u0119), w tym realizacj\u0105 cel\u00f3w projekt\u00f3w, liczb\u0105 i rodzajem uczestnik\u00f3w oraz aspektami bud\u017cetowymi i finansowymi; dane osobowe wykorzystywane w tym<\/li>\n\n\n\n<li>Przetwarzanie danych obejmie osoby kontaktowe i przedstawicieli prawnych organizacji uczestnicz\u0105cych w projektach, kierownik\u00f3w projekt\u00f3w z agencji krajowych nadzoruj\u0105cych projekt oraz inne osoby zaanga\u017cowane w sk\u0142adanie wniosk\u00f3w o dotacje, ich ocen\u0119 i zarz\u0105dzanie nimi<\/li>\n\n\n\n<li>wysy\u0142anie wiadomo\u015bci e-mail w celu potwierdzenia z\u0142o\u017cenia wniosku o dotacj\u0119, potwierdzenia przyznania dotacji, zaproszenia do modu\u0142u dla beneficjent\u00f3w w celu zarz\u0105dzania projektem oraz innych automatycznych powiadomie\u0144 z r\u00f3\u017cnych system\u00f3w informatycznych Komisji Europejskiej lub agencji krajowych programu Erasmus+ i Europejskiego Korpusu Solidarno\u015bci<\/li>\n\n\n\n<li>zarz\u0105dza\u0107 procedurami selekcyjnymi w ramach dzia\u0142a\u0144 programu Erasmus+ i Europejskiego Korpusu Solidarno\u015bci, kt\u00f3rych realizacj\u0105 zajmuj\u0105 si\u0119 agencje krajowe<\/li>\n\n\n\n<li>zarz\u0105dzanie zespo\u0142em ekspert\u00f3w oceniaj\u0105cych wnioski o dotacje<\/li>\n\n\n\n<li>wype\u0142nia\u0107 obowi\u0105zki i zadania zwi\u0105zane z monitorowaniem, ocen\u0105, sprawozdawczo\u015bci\u0105 i audytem<\/li>\n\n\n\n<li>udost\u0119pnia\u0107 opinii publicznej informacje o wynikach przyznania dotacji poprzez publikacje na stronach internetowych agencji krajowych program\u00f3w Erasmus+ i Europejskiego Korpusu Solidarno\u015bci; dane te mog\u0105 zawiera\u0107 dane osobowe os\u00f3b fizycznych oraz nieformalnych grup m\u0142odzie\u017cy<\/li>\n\n\n\n<li>oceni\u0107 wp\u0142yw udzia\u0142u w programach Erasmus+ i Europejski Korpus Solidarno\u015bci na organizacje b\u0119d\u0105ce beneficjentami oraz lepiej pozna\u0107 grupy uczestnicz\u0105ce w tych programach, aby dopracowa\u0107 strategie promocyjne<\/li>\n\n\n\n<li>upowszechnia\u0107 wyniki projektu wraz z danymi osobowymi os\u00f3b kontaktowych za po\u015brednictwem odpowiednich narz\u0119dzi informatycznych programu Erasmus+ i Europejskiego Korpusu Solidarno\u015bci (Platforma Wynik\u00f3w Projekt\u00f3w); przed opublikowaniem danych kontaktowych os\u00f3b kontaktowych zostanie uzyskana ich zgoda (wi\u0119cej informacji mo\u017cna znale\u017a\u0107 w o\u015bwiadczeniu o ochronie prywatno\u015bci dotycz\u0105cym Platformy Wynik\u00f3w Projekt\u00f3w)<\/li>\n\n\n\n<li>Dane os\u00f3b oznaczonych w module beneficjent\u00f3w jako \u201ekierownicy ds. szkole\u0144\u201d, kt\u00f3re s\u0105 odpowiedzialne za zarz\u0105dzanie kursami j\u0119zykowymi lub ocenami uczestnik\u00f3w, zostan\u0105 przekazane na platform\u0119 EU Academy i b\u0119d\u0105 przetwarzane przez EU Academy po uzyskaniu zgody tych os\u00f3b; wszelkie czynno\u015bci zwi\u0105zane z przetwarzaniem danych b\u0119d\u0105 prowadzone zgodnie z polityk\u0105 prywatno\u015bci platformy EU Academy (wi\u0119cej informacji mo\u017cna znale\u017a\u0107 w polityce prywatno\u015bci platformy e-learningowej EU Academy)<\/li>\n\n\n\n<li>Dane osobowe u\u017cytkownik\u00f3w agencji krajowych monitoruj\u0105cych dzia\u0142ania uczestnik\u00f3w kurs\u00f3w j\u0119zykowych lub ocen b\u0119d\u0105 przekazywane na platform\u0119 EU Academy i przetwarzane przez EU Academy po uzyskaniu zgody danej osoby; wszelkie czynno\u015bci zwi\u0105zane z przetwarzaniem danych b\u0119d\u0105 prowadzone zgodnie z polityk\u0105 prywatno\u015bci platformy EU Academy (wi\u0119cej informacji mo\u017cna znale\u017a\u0107 w polityce prywatno\u015bci platformy e-learningowej EU Academy)<\/li>\n\n\n\n<li>przekaza\u0107 dane dotycz\u0105ce akredytacji i znaku jako\u015bci Europejskiego Korpusu Solidarno\u015bci do Europejskiego Portalu M\u0142odzie\u017cowego; przed opublikowaniem danych kontaktowych os\u00f3b kontaktowych zostanie poproszona o wyra\u017cenie zgody (wi\u0119cej informacji mo\u017cna znale\u017a\u0107 w o\u015bwiadczeniu o ochronie prywatno\u015bci dotycz\u0105cym Europejskiego Portalu M\u0142odzie\u017cowego)<\/li>\n<\/ul>\n\n\n\n<p><strong>Zarz\u0105dzanie danymi uczestnik\u00f3w program\u00f3w Erasmus+ i Europejskiego Korpusu Solidarno\u015bci<\/strong><\/p>\n\n\n\n<ul class=\"wp-block-list\">\n<li>zarz\u0105dza\u0107 organizacjami uczestnicz\u0105cymi w projekcie w celu zapewnienia monitorowania i dzia\u0142a\u0144 nast\u0119pczych;<\/li>\n\n\n\n<li>zapewnia\u0107 sprawozdawczo\u015b\u0107 i rozliczalno\u015b\u0107 na podstawie danych statystycznych zebranych w ramach projektu oraz odpowiedzi udzielonych przez beneficjenta lub uczestnik\u00f3w<\/li>\n\n\n\n<li>zapraszanie uczestnik\u00f3w, zarz\u0105dzanie ankietami poszczeg\u00f3lnych uczestnik\u00f3w oraz przedstawianie statystyk dotycz\u0105cych udzielonych odpowiedzi, co ma zasadnicze znaczenie dla wykazania, w jaki spos\u00f3b wykorzystano \u015brodki przeznaczone na projekt oraz w jaki spos\u00f3b osi\u0105gni\u0119to cele programu<\/li>\n\n\n\n<li>zapewnia\u0107 wsparcie przysz\u0142ym uczestnikom program\u00f3w (na podstawie zgody, tj. na zasadzie dobrowolnego wyra\u017cenia zgody)<\/li>\n\n\n\n<li>udost\u0119pnia\u0107 opinii publicznej relacje dotycz\u0105ce udzia\u0142u w programach (na podstawie zgody, tj. na zasadzie dobrowolnego wyra\u017cenia zgody)<\/li>\n\n\n\n<li>udzia\u0142 w internetowych kursach j\u0119zykowych: w tym przypadku dane uczestnik\u00f3w bior\u0105cych udzia\u0142 w kursach j\u0119zykowych lub testach b\u0119d\u0105 przekazywane na platform\u0119 EU Academy i przetwarzane przez EU Academy na podstawie zgody uczestnika; rejestracja na kurs, \u015bledzenie post\u0119p\u00f3w, przyznawanie odznak oraz inne czynno\u015bci zwi\u0105zane z przetwarzaniem danych b\u0119d\u0105 realizowane zgodnie z polityk\u0105 prywatno\u015bci platformy EU Academy (wi\u0119cej informacji mo\u017cna znale\u017a\u0107 w polityce prywatno\u015bci platformy e-learningowej EU Academy)<\/li>\n<\/ul>\n\n\n\n<p>Komisja Europejska, agencje krajowe i organy krajowe, zgodnie z art. 24 ust. 3 rozporz\u0105dzenia Parlamentu Europejskiego i Rady (UE) 2021\/817 z dnia 20 maja 2021 r. ustanawiaj\u0105cego program Unii \u201eErasmus+\u201d w zakresie kszta\u0142cenia i szkolenia, m\u0142odzie\u017cy oraz sportu, s\u0105 zobowi\u0105zane do przeprowadzenia oceny programu. W tym celu z uczestnikami, wnioskodawcami i beneficjentami mo\u017cna si\u0119 skontaktowa\u0107 poczt\u0105 elektroniczn\u0105 lub telefonicznie (w przypadku zebrania danych dotycz\u0105cych numeru telefonu) w celu uzyskania informacji na temat programu oraz wynik\u00f3w udzia\u0142u w programie.<br>W celu przeprowadzenia oceny programu Komisja Europejska, agencje krajowe i organy krajowe mog\u0105 korzysta\u0107 z us\u0142ug podwykonawc\u00f3w. Dane podwykonawc\u00f3w, o ile tacy wyst\u0119puj\u0105, s\u0105 dost\u0119pne na li\u015bcie podmiot\u00f3w przetwarzaj\u0105cych dane, do kt\u00f3rej link znajduje si\u0119 w niniejszym o\u015bwiadczeniu o ochronie prywatno\u015bci.<\/p>\n\n\n\n<p>Pa\u0144stwa dane b\u0119d\u0105 przetwarzane przez systemy informatyczne Komisji Europejskiej oraz systemy informatyczne podmiot\u00f3w przetwarzaj\u0105cych dane \u2013 agencji krajowych programu Erasmus+ i Europejskiego Korpusu Solidarno\u015bci oraz beneficjent\u00f3w dotacji. Przetwarzanie Pa\u0144stwa danych przez podmioty przetwarzaj\u0105ce odbywa si\u0119 zgodnie z rozporz\u0105dzeniem Parlamentu Europejskiego i Rady (UE) 2018\/1725 z dnia 23 pa\u017adziernika 2018 r. Obowi\u0105zki podmiot\u00f3w przetwarzaj\u0105cych opisano w art. 29, 30 i 31 tego rozporz\u0105dzenia.<\/p>\n\n\n\n<hr class=\"wp-block-separator has-alpha-channel-opacity is-style-wide\"\/>\n\n\n\n<figure class=\"wp-block-image size-large\"><img loading=\"lazy\" decoding=\"async\" width=\"1024\" height=\"97\" src=\"https:\/\/unitedinaction.eu\/wp-content\/uploads\/2026\/03\/belka-EKS-1024x97.png\" alt=\"\" class=\"wp-image-3545\" srcset=\"https:\/\/unitedinaction.eu\/wp-content\/uploads\/2026\/03\/belka-EKS-1024x97.png 1024w, https:\/\/unitedinaction.eu\/wp-content\/uploads\/2026\/03\/belka-EKS-300x28.png 300w, https:\/\/unitedinaction.eu\/wp-content\/uploads\/2026\/03\/belka-EKS-768x73.png 768w, https:\/\/unitedinaction.eu\/wp-content\/uploads\/2026\/03\/belka-EKS-1536x146.png 1536w, https:\/\/unitedinaction.eu\/wp-content\/uploads\/2026\/03\/belka-EKS-18x2.png 18w, https:\/\/unitedinaction.eu\/wp-content\/uploads\/2026\/03\/belka-EKS.png 1979w\" sizes=\"auto, (max-width: 1024px) 100vw, 1024px\" \/><\/figure>","protected":false},"excerpt":{"rendered":"<p>Erasmus+ and European Solidarity Corps decentralised actions managed by the National Agencies Data controller: Directorate-general for Education, Youth, Sport and Culture, Unit B.4 &#8211; Erasmus+ Coordination Version:&nbsp;2023\/06\/02 FYI:&nbsp;Privacy notice Why and how do we process your personal data? We process your personal information for the following reasons: Authentication and authorisation Organisation registration Submission of application [&hellip;]<\/p>\n","protected":false},"author":1,"featured_media":0,"parent":0,"menu_order":0,"comment_status":"closed","ping_status":"closed","template":"","meta":{"footnotes":""},"class_list":["post-3695","page","type-page","status-publish","hentry"],"blocksy_meta":[],"yoast_head":"<!-- This site is optimized with the Yoast SEO plugin v27.3 - https:\/\/yoast.com\/product\/yoast-seo-wordpress\/ -->\n<title>Privacy notice - UNITED IN ACTION<\/title>\n<meta name=\"robots\" content=\"index, follow, max-snippet:-1, max-image-preview:large, max-video-preview:-1\" \/>\n<link rel=\"canonical\" href=\"https:\/\/unitedinaction.eu\/pl\/privacy-notice\/\" \/>\n<meta property=\"og:locale\" content=\"pl_PL\" \/>\n<meta property=\"og:type\" content=\"article\" \/>\n<meta property=\"og:title\" content=\"Privacy notice - UNITED IN ACTION\" \/>\n<meta property=\"og:description\" content=\"Erasmus+ and European Solidarity Corps decentralised actions managed by the National Agencies Data controller: Directorate-general for Education, Youth, Sport and Culture, Unit B.4 &#8211; Erasmus+ Coordination Version:&nbsp;2023\/06\/02 FYI:&nbsp;Privacy notice Why and how do we process your personal data? We process your personal information for the following reasons: Authentication and authorisation Organisation registration Submission of application [&hellip;]\" \/>\n<meta property=\"og:url\" content=\"https:\/\/unitedinaction.eu\/pl\/privacy-notice\/\" \/>\n<meta property=\"og:site_name\" content=\"UNITED IN ACTION\" \/>\n<meta property=\"article:modified_time\" content=\"2026-04-01T20:36:47+00:00\" \/>\n<meta property=\"og:image\" content=\"https:\/\/wsb.edu.pl\/files\/\/pages\/7631\/ec_logo_horiz_en.png\" \/>\n<meta name=\"twitter:card\" content=\"summary_large_image\" \/>\n<meta name=\"twitter:label1\" content=\"Szacowany czas czytania\" \/>\n\t<meta name=\"twitter:data1\" content=\"8 minut\" \/>\n<script type=\"application\/ld+json\" class=\"yoast-schema-graph\">{\"@context\":\"https:\\\/\\\/schema.org\",\"@graph\":[{\"@type\":\"WebPage\",\"@id\":\"https:\\\/\\\/unitedinaction.eu\\\/privacy-notice\\\/\",\"url\":\"https:\\\/\\\/unitedinaction.eu\\\/privacy-notice\\\/\",\"name\":\"Privacy notice - UNITED IN ACTION\",\"isPartOf\":{\"@id\":\"https:\\\/\\\/unitedinaction.eu\\\/#website\"},\"primaryImageOfPage\":{\"@id\":\"https:\\\/\\\/unitedinaction.eu\\\/privacy-notice\\\/#primaryimage\"},\"image\":{\"@id\":\"https:\\\/\\\/unitedinaction.eu\\\/privacy-notice\\\/#primaryimage\"},\"thumbnailUrl\":\"https:\\\/\\\/wsb.edu.pl\\\/files\\\/\\\/pages\\\/7631\\\/ec_logo_horiz_en.png\",\"datePublished\":\"2026-03-23T10:36:17+00:00\",\"dateModified\":\"2026-04-01T20:36:47+00:00\",\"breadcrumb\":{\"@id\":\"https:\\\/\\\/unitedinaction.eu\\\/privacy-notice\\\/#breadcrumb\"},\"inLanguage\":\"pl-PL\",\"potentialAction\":[{\"@type\":\"ReadAction\",\"target\":[\"https:\\\/\\\/unitedinaction.eu\\\/privacy-notice\\\/\"]}]},{\"@type\":\"ImageObject\",\"inLanguage\":\"pl-PL\",\"@id\":\"https:\\\/\\\/unitedinaction.eu\\\/privacy-notice\\\/#primaryimage\",\"url\":\"https:\\\/\\\/wsb.edu.pl\\\/files\\\/\\\/pages\\\/7631\\\/ec_logo_horiz_en.png\",\"contentUrl\":\"https:\\\/\\\/wsb.edu.pl\\\/files\\\/\\\/pages\\\/7631\\\/ec_logo_horiz_en.png\"},{\"@type\":\"BreadcrumbList\",\"@id\":\"https:\\\/\\\/unitedinaction.eu\\\/privacy-notice\\\/#breadcrumb\",\"itemListElement\":[{\"@type\":\"ListItem\",\"position\":1,\"name\":\"Strona g\u0142\u00f3wna\",\"item\":\"https:\\\/\\\/unitedinaction.eu\\\/\"},{\"@type\":\"ListItem\",\"position\":2,\"name\":\"Privacy notice\"}]},{\"@type\":\"WebSite\",\"@id\":\"https:\\\/\\\/unitedinaction.eu\\\/#website\",\"url\":\"https:\\\/\\\/unitedinaction.eu\\\/\",\"name\":\"UNITED IN ACTION\",\"description\":\"\",\"publisher\":{\"@id\":\"https:\\\/\\\/unitedinaction.eu\\\/#organization\"},\"potentialAction\":[{\"@type\":\"SearchAction\",\"target\":{\"@type\":\"EntryPoint\",\"urlTemplate\":\"https:\\\/\\\/unitedinaction.eu\\\/?s={search_term_string}\"},\"query-input\":{\"@type\":\"PropertyValueSpecification\",\"valueRequired\":true,\"valueName\":\"search_term_string\"}}],\"inLanguage\":\"pl-PL\"},{\"@type\":\"Organization\",\"@id\":\"https:\\\/\\\/unitedinaction.eu\\\/#organization\",\"name\":\"UNITED IN ACTION\",\"url\":\"https:\\\/\\\/unitedinaction.eu\\\/\",\"logo\":{\"@type\":\"ImageObject\",\"inLanguage\":\"pl-PL\",\"@id\":\"https:\\\/\\\/unitedinaction.eu\\\/#\\\/schema\\\/logo\\\/image\\\/\",\"url\":\"https:\\\/\\\/unitedinaction.eu\\\/wp-content\\\/uploads\\\/2026\\\/01\\\/LogoUnitedInAction.png\",\"contentUrl\":\"https:\\\/\\\/unitedinaction.eu\\\/wp-content\\\/uploads\\\/2026\\\/01\\\/LogoUnitedInAction.png\",\"width\":2000,\"height\":800,\"caption\":\"UNITED IN ACTION\"},\"image\":{\"@id\":\"https:\\\/\\\/unitedinaction.eu\\\/#\\\/schema\\\/logo\\\/image\\\/\"}}]}<\/script>\n<!-- \/ Yoast SEO plugin. -->","yoast_head_json":{"title":"Privacy notice - UNITED IN ACTION","robots":{"index":"index","follow":"follow","max-snippet":"max-snippet:-1","max-image-preview":"max-image-preview:large","max-video-preview":"max-video-preview:-1"},"canonical":"https:\/\/unitedinaction.eu\/pl\/privacy-notice\/","og_locale":"pl_PL","og_type":"article","og_title":"Privacy notice - UNITED IN ACTION","og_description":"Erasmus+ and European Solidarity Corps decentralised actions managed by the National Agencies Data controller: Directorate-general for Education, Youth, Sport and Culture, Unit B.4 &#8211; Erasmus+ Coordination Version:&nbsp;2023\/06\/02 FYI:&nbsp;Privacy notice Why and how do we process your personal data? We process your personal information for the following reasons: Authentication and authorisation Organisation registration Submission of application [&hellip;]","og_url":"https:\/\/unitedinaction.eu\/pl\/privacy-notice\/","og_site_name":"UNITED IN ACTION","article_modified_time":"2026-04-01T20:36:47+00:00","og_image":[{"url":"https:\/\/wsb.edu.pl\/files\/\/pages\/7631\/ec_logo_horiz_en.png","type":"","width":"","height":""}],"twitter_card":"summary_large_image","twitter_misc":{"Szacowany czas czytania":"8 minut"},"schema":{"@context":"https:\/\/schema.org","@graph":[{"@type":"WebPage","@id":"https:\/\/unitedinaction.eu\/privacy-notice\/","url":"https:\/\/unitedinaction.eu\/privacy-notice\/","name":"Privacy notice - UNITED IN ACTION","isPartOf":{"@id":"https:\/\/unitedinaction.eu\/#website"},"primaryImageOfPage":{"@id":"https:\/\/unitedinaction.eu\/privacy-notice\/#primaryimage"},"image":{"@id":"https:\/\/unitedinaction.eu\/privacy-notice\/#primaryimage"},"thumbnailUrl":"https:\/\/wsb.edu.pl\/files\/\/pages\/7631\/ec_logo_horiz_en.png","datePublished":"2026-03-23T10:36:17+00:00","dateModified":"2026-04-01T20:36:47+00:00","breadcrumb":{"@id":"https:\/\/unitedinaction.eu\/privacy-notice\/#breadcrumb"},"inLanguage":"pl-PL","potentialAction":[{"@type":"ReadAction","target":["https:\/\/unitedinaction.eu\/privacy-notice\/"]}]},{"@type":"ImageObject","inLanguage":"pl-PL","@id":"https:\/\/unitedinaction.eu\/privacy-notice\/#primaryimage","url":"https:\/\/wsb.edu.pl\/files\/\/pages\/7631\/ec_logo_horiz_en.png","contentUrl":"https:\/\/wsb.edu.pl\/files\/\/pages\/7631\/ec_logo_horiz_en.png"},{"@type":"BreadcrumbList","@id":"https:\/\/unitedinaction.eu\/privacy-notice\/#breadcrumb","itemListElement":[{"@type":"ListItem","position":1,"name":"Strona g\u0142\u00f3wna","item":"https:\/\/unitedinaction.eu\/"},{"@type":"ListItem","position":2,"name":"Privacy notice"}]},{"@type":"WebSite","@id":"https:\/\/unitedinaction.eu\/#website","url":"https:\/\/unitedinaction.eu\/","name":"UNITED IN ACTION","description":"","publisher":{"@id":"https:\/\/unitedinaction.eu\/#organization"},"potentialAction":[{"@type":"SearchAction","target":{"@type":"EntryPoint","urlTemplate":"https:\/\/unitedinaction.eu\/?s={search_term_string}"},"query-input":{"@type":"PropertyValueSpecification","valueRequired":true,"valueName":"search_term_string"}}],"inLanguage":"pl-PL"},{"@type":"Organization","@id":"https:\/\/unitedinaction.eu\/#organization","name":"UNITED IN ACTION","url":"https:\/\/unitedinaction.eu\/","logo":{"@type":"ImageObject","inLanguage":"pl-PL","@id":"https:\/\/unitedinaction.eu\/#\/schema\/logo\/image\/","url":"https:\/\/unitedinaction.eu\/wp-content\/uploads\/2026\/01\/LogoUnitedInAction.png","contentUrl":"https:\/\/unitedinaction.eu\/wp-content\/uploads\/2026\/01\/LogoUnitedInAction.png","width":2000,"height":800,"caption":"UNITED IN ACTION"},"image":{"@id":"https:\/\/unitedinaction.eu\/#\/schema\/logo\/image\/"}}]}},"_hostinger_reach_plugin_has_subscription_block":false,"_hostinger_reach_plugin_is_elementor":false,"_links":{"self":[{"href":"https:\/\/unitedinaction.eu\/pl\/wp-json\/wp\/v2\/pages\/3695","targetHints":{"allow":["GET"]}}],"collection":[{"href":"https:\/\/unitedinaction.eu\/pl\/wp-json\/wp\/v2\/pages"}],"about":[{"href":"https:\/\/unitedinaction.eu\/pl\/wp-json\/wp\/v2\/types\/page"}],"author":[{"embeddable":true,"href":"https:\/\/unitedinaction.eu\/pl\/wp-json\/wp\/v2\/users\/1"}],"replies":[{"embeddable":true,"href":"https:\/\/unitedinaction.eu\/pl\/wp-json\/wp\/v2\/comments?post=3695"}],"version-history":[{"count":3,"href":"https:\/\/unitedinaction.eu\/pl\/wp-json\/wp\/v2\/pages\/3695\/revisions"}],"predecessor-version":[{"id":3853,"href":"https:\/\/unitedinaction.eu\/pl\/wp-json\/wp\/v2\/pages\/3695\/revisions\/3853"}],"wp:attachment":[{"href":"https:\/\/unitedinaction.eu\/pl\/wp-json\/wp\/v2\/media?parent=3695"}],"curies":[{"name":"wp","href":"https:\/\/api.w.org\/{rel}","templated":true}]}}